{"id":11,"date":"2024-03-04T22:16:52","date_gmt":"2024-03-04T21:16:52","guid":{"rendered":"https:\/\/odalie.com\/?page_id=11"},"modified":"2026-04-19T22:42:03","modified_gmt":"2026-04-19T20:42:03","slug":"la-montagne-est-jazz","status":"publish","type":"page","link":"https:\/\/odalie.com\/index.php\/la-montagne-est-jazz\/","title":{"rendered":"La Montagne est Jazz"},"content":{"rendered":"\n<p class=\"has-text-color has-link-color has-large-font-size wp-elements-595b17206541ce546d75455b2dbb7ad2\" style=\"color:#7c0404\"><\/p>\n\n\n\n<p class=\"has-text-align-center\"><\/p>\n\n\n\n<p class=\"has-text-color has-link-color wp-elements-b81a05cc0cdef397a478a4a651383f7d\" style=\"color:#a50404\"><strong> <\/strong><\/p>\n\n\n\n<div class=\"wp-block-columns is-layout-flex wp-container-core-columns-layout-1 wp-block-columns-is-layout-flex\">\n<div class=\"wp-block-column is-layout-flow wp-block-column-is-layout-flow\">\n<p><strong>Les dates de l&#8217;\u00e9dition 2026<\/strong><\/p>\n<\/div>\n\n\n\n<div class=\"wp-block-column is-layout-flow wp-block-column-is-layout-flow\">\n<p class=\"has-text-color has-link-color wp-elements-245ad7ab17bfcb8b228a7267c5281eed\" style=\"color:#340374\">samedi 18 juillet \u00e0 Barr\u00eame<\/p>\n\n\n\n<p class=\"has-text-color has-link-color wp-elements-614f43b70197c4dcd7846a7e6ce41e6f\" style=\"color:#340374\">samedi 25 juillet \u00e0 Villars-Colmars<\/p>\n\n\n\n<p class=\"has-text-color has-link-color wp-elements-46344a4c0205cb96be0b55a5bb9a19cb\" style=\"color:#340374\">samedi 15 ao\u00fbt \u00e0 La Mure-Argens<\/p>\n\n\n\n<p class=\"has-text-color has-link-color wp-elements-b5188668084cdf1255ca5e3869254b6f\" style=\"color:#340374\">samedi 22 ao\u00fbt \u00e0 Clumanc<\/p>\n<\/div>\n<\/div>\n\n\n\n<div class=\"wp-block-columns is-layout-flex wp-container-core-columns-layout-2 wp-block-columns-is-layout-flex\"><\/div>\n\n\n\n<p class=\"has-text-align-center has-x-large-font-size\"><strong>Le programme 2026<\/strong><\/p>\n\n\n\n<figure class=\"wp-block-image size-large\"><img loading=\"lazy\" decoding=\"async\" width=\"727\" height=\"1024\" src=\"https:\/\/odalie.com\/wp-content\/uploads\/2026\/04\/affiche-7avr26-727x1024.jpg\" alt=\"\" class=\"wp-image-518\" srcset=\"https:\/\/odalie.com\/wp-content\/uploads\/2026\/04\/affiche-7avr26-727x1024.jpg 727w, https:\/\/odalie.com\/wp-content\/uploads\/2026\/04\/affiche-7avr26-213x300.jpg 213w, https:\/\/odalie.com\/wp-content\/uploads\/2026\/04\/affiche-7avr26-768x1081.jpg 768w, https:\/\/odalie.com\/wp-content\/uploads\/2026\/04\/affiche-7avr26-1091x1536.jpg 1091w, https:\/\/odalie.com\/wp-content\/uploads\/2026\/04\/affiche-7avr26-1455x2048.jpg 1455w, https:\/\/odalie.com\/wp-content\/uploads\/2026\/04\/affiche-7avr26.jpg 1501w\" sizes=\"(max-width: 727px) 100vw, 727px\" \/><\/figure>\n\n\n\n<p class=\"has-text-align-center\">&#8212;&#8212;&#8212;&#8212;&#8212;&#8212;&#8212;&#8212;&#8212;&#8212;&#8212;&#8212;&#8212;&#8211;<\/p>\n\n\n\n<div class=\"wp-block-columns is-layout-flex wp-container-core-columns-layout-3 wp-block-columns-is-layout-flex\">\n<div class=\"wp-block-column is-layout-flow wp-block-column-is-layout-flow\">\n<p class=\"has-large-font-size\"><strong>samedi 18 juillet <\/strong><\/p>\n\n\n\n<p class=\"has-large-font-size\"><strong>\u00e0 Barr\u00eame<\/strong>, 20h30<\/p>\n\n\n\n<p class=\"has-large-font-size\"><strong>Jazz \u00e0 la Distillerie<\/strong><\/p>\n\n\n\n<p><strong>Racines africaines<\/strong><\/p>\n\n\n\n<p class=\"has-small-font-size\" style=\"line-height:0.5\">JB Moundele, saxophone<\/p>\n\n\n\n<p class=\"has-small-font-size\" style=\"line-height:0.5\">Mbady Diabat\u00e9, kora<\/p>\n\n\n\n<p class=\"has-small-font-size\" style=\"line-height:0.5\">Bruno Desbiolles, percussions<\/p>\n<\/div>\n\n\n\n<div class=\"wp-block-column is-layout-flow wp-block-column-is-layout-flow\">\n<figure class=\"wp-block-image size-large\"><img loading=\"lazy\" decoding=\"async\" width=\"1024\" height=\"963\" src=\"https:\/\/odalie.com\/wp-content\/uploads\/2026\/04\/concert-Moundele-1024x963.png\" alt=\"\" class=\"wp-image-522\" srcset=\"https:\/\/odalie.com\/wp-content\/uploads\/2026\/04\/concert-Moundele-1024x963.png 1024w, https:\/\/odalie.com\/wp-content\/uploads\/2026\/04\/concert-Moundele-300x282.png 300w, https:\/\/odalie.com\/wp-content\/uploads\/2026\/04\/concert-Moundele-768x723.png 768w, https:\/\/odalie.com\/wp-content\/uploads\/2026\/04\/concert-Moundele.png 1201w\" sizes=\"(max-width: 1024px) 100vw, 1024px\" \/><\/figure>\n<\/div>\n<\/div>\n\n\n\n<figure class=\"wp-block-image aligncenter size-full is-resized\"><img loading=\"lazy\" decoding=\"async\" width=\"190\" height=\"215\" src=\"https:\/\/odalie.com\/wp-content\/uploads\/2025\/04\/notes-musique-1.png\" alt=\"\" class=\"wp-image-321\" style=\"width:36px;height:auto\"\/><\/figure>\n\n\n\n<div class=\"wp-block-columns is-layout-flex wp-container-core-columns-layout-5 wp-block-columns-is-layout-flex\">\n<div class=\"wp-block-column is-layout-flow wp-block-column-is-layout-flow\">\n<p class=\"has-large-font-size\"><strong>samedi 25 juillet<\/strong><\/p>\n\n\n\n<p><strong>\u00e0 Villars-Colmars, <\/strong>20h30<\/p>\n\n\n\n<p class=\"has-large-font-size\"><strong>Jazz \u00e0 la Rotonde<\/strong><\/p>\n\n\n\n<p class=\"has-small-font-size\">2 concerts<\/p>\n\n\n\n<p class=\"has-small-font-size\" style=\"line-height:0.5\"><strong>G. Sumian et JP. Florens Quartet<\/strong><\/p>\n\n\n\n<p class=\"has-small-font-size\">Jean-Paul Florens (guitare), G\u00e9rard Sumian (guitare), Dimitri Sumian (batterie), Philippe Gallet (contrebasse)<\/p>\n\n\n\n<p class=\"has-small-font-size\" style=\"line-height:0.5\"><strong>A. Caparros et E. M\u00e9lenchon<\/strong> <strong>Duo<\/strong><\/p>\n\n\n\n<p class=\"has-small-font-size\">Andrea Capparos (voix), Emile M\u00e9lenchon (guitare)<\/p>\n<\/div>\n\n\n\n<div class=\"wp-block-column is-layout-flow wp-block-column-is-layout-flow\">\n<div class=\"wp-block-columns is-layout-flex wp-container-core-columns-layout-4 wp-block-columns-is-layout-flex\">\n<div class=\"wp-block-column is-layout-flow wp-block-column-is-layout-flow\"><\/div>\n\n\n\n<div class=\"wp-block-column is-layout-flow wp-block-column-is-layout-flow\"><\/div>\n<\/div>\n\n\n\n<figure class=\"wp-block-image size-full is-resized\"><img loading=\"lazy\" decoding=\"async\" width=\"801\" height=\"601\" src=\"https:\/\/odalie.com\/wp-content\/uploads\/2026\/04\/Villars.jpg\" alt=\"\" class=\"wp-image-546\" style=\"width:296px;height:auto\" srcset=\"https:\/\/odalie.com\/wp-content\/uploads\/2026\/04\/Villars.jpg 801w, https:\/\/odalie.com\/wp-content\/uploads\/2026\/04\/Villars-300x225.jpg 300w, https:\/\/odalie.com\/wp-content\/uploads\/2026\/04\/Villars-768x576.jpg 768w\" sizes=\"(max-width: 801px) 100vw, 801px\" \/><\/figure>\n<\/div>\n<\/div>\n\n\n\n<figure class=\"wp-block-image aligncenter size-full is-resized\"><img loading=\"lazy\" decoding=\"async\" width=\"190\" height=\"215\" src=\"https:\/\/odalie.com\/wp-content\/uploads\/2025\/04\/notes-musique-1.png\" alt=\"\" class=\"wp-image-321\" style=\"width:38px;height:auto\"\/><\/figure>\n\n\n\n<div class=\"wp-block-columns is-layout-flex wp-container-core-columns-layout-6 wp-block-columns-is-layout-flex\">\n<div class=\"wp-block-column is-layout-flow wp-block-column-is-layout-flow\">\n<p class=\"has-large-font-size\"><strong>samedi 15 ao\u00fbt<\/strong><\/p>\n\n\n\n<p><strong>\u00e0 La Mure-Argens, <\/strong>20h<\/p>\n\n\n\n<p class=\"has-large-font-size\"><strong>Jazz \u00e0 la Minoterie<\/strong><\/p>\n\n\n\n<p class=\"has-medium-font-size\"><strong>Cathy Palvair Unit<\/strong><\/p>\n\n\n\n<p class=\"has-small-font-size\">Cathy Palvair (voix), Eric Semp\u00e9 (guitare), Thierry Faure (piano), Jean-Luc Dana (batterie)<\/p>\n<\/div>\n\n\n\n<div class=\"wp-block-column is-layout-flow wp-block-column-is-layout-flow\">\n<figure class=\"wp-block-image size-full\"><img loading=\"lazy\" decoding=\"async\" width=\"630\" height=\"672\" src=\"https:\/\/odalie.com\/wp-content\/uploads\/2026\/04\/groupe-Cathy-2.jpg\" alt=\"\" class=\"wp-image-552\" srcset=\"https:\/\/odalie.com\/wp-content\/uploads\/2026\/04\/groupe-Cathy-2.jpg 630w, https:\/\/odalie.com\/wp-content\/uploads\/2026\/04\/groupe-Cathy-2-281x300.jpg 281w\" sizes=\"(max-width: 630px) 100vw, 630px\" \/><\/figure>\n<\/div>\n<\/div>\n\n\n\n<figure class=\"wp-block-image aligncenter size-full is-resized\"><img loading=\"lazy\" decoding=\"async\" width=\"190\" height=\"215\" src=\"https:\/\/odalie.com\/wp-content\/uploads\/2025\/04\/notes-musique-1.png\" alt=\"\" class=\"wp-image-321\" style=\"width:37px;height:auto\"\/><\/figure>\n\n\n\n<div class=\"wp-block-columns is-layout-flex wp-container-core-columns-layout-7 wp-block-columns-is-layout-flex\">\n<div class=\"wp-block-column is-layout-flow wp-block-column-is-layout-flow\">\n<p class=\"has-large-font-size\"><strong>samedi 22 ao\u00fbt , <\/strong>20h30<\/p>\n\n\n\n<p><strong>\u00e0 Notre-Dame de Clumanc<\/strong><\/p>\n\n\n\n<p class=\"has-large-font-size\"><strong>rencontres franco-italiennes<\/strong><\/p>\n\n\n\n<p class=\"has-medium-font-size\"><strong>Il suffit de passer le Col<\/strong><\/p>\n\n\n\n<p class=\"has-small-font-size\">Luigi Bonafede (piano), Massimo Baldioli (saxophone), Kevin Tardevet (contrebasse), Laurent Sarrien (batterie)<\/p>\n<\/div>\n\n\n\n<div class=\"wp-block-column is-layout-flow wp-block-column-is-layout-flow\">\n<figure class=\"wp-block-image size-full\"><img loading=\"lazy\" decoding=\"async\" width=\"1001\" height=\"995\" src=\"https:\/\/odalie.com\/wp-content\/uploads\/2026\/04\/quartet-Luigi.jpg\" alt=\"\" class=\"wp-image-524\" srcset=\"https:\/\/odalie.com\/wp-content\/uploads\/2026\/04\/quartet-Luigi.jpg 1001w, https:\/\/odalie.com\/wp-content\/uploads\/2026\/04\/quartet-Luigi-300x298.jpg 300w, https:\/\/odalie.com\/wp-content\/uploads\/2026\/04\/quartet-Luigi-150x150.jpg 150w, https:\/\/odalie.com\/wp-content\/uploads\/2026\/04\/quartet-Luigi-768x763.jpg 768w\" sizes=\"(max-width: 1001px) 100vw, 1001px\" \/><\/figure>\n<\/div>\n<\/div>\n\n\n\n\n\n<figure class=\"wp-block-image aligncenter size-full is-resized\"><img loading=\"lazy\" decoding=\"async\" width=\"190\" height=\"215\" src=\"https:\/\/odalie.com\/wp-content\/uploads\/2025\/04\/notes-musique-1.png\" alt=\"\" class=\"wp-image-321\" style=\"width:54px;height:auto\"\/><\/figure>\n\n\n\n<p class=\"has-text-align-center\"><strong>Le programme 2025<\/strong><\/p>\n\n\n\n<p class=\"has-text-align-center\">______________________<\/p>\n\n\n\n<p class=\"has-text-align-center\"><\/p>\n\n\n\n<div class=\"wp-block-group alignfull has-accent-2-background-color has-background has-global-padding is-layout-constrained wp-block-group-is-layout-constrained\" style=\"margin-top:0;margin-bottom:0;padding-top:var(--wp--preset--spacing--50);padding-right:var(--wp--preset--spacing--50);padding-bottom:var(--wp--preset--spacing--50);padding-left:var(--wp--preset--spacing--50)\">\n<div class=\"wp-block-columns is-layout-flex wp-container-core-columns-layout-8 wp-block-columns-is-layout-flex\">\n<div class=\"wp-block-column is-layout-flow wp-block-column-is-layout-flow\">\n<p class=\"has-text-align-center has-text-color has-link-color has-large-font-size wp-elements-b6036edc558f874548e76b603095c067\" style=\"color:#120585\"><strong>samedi 26 juillet, 20h30 <\/strong><\/p>\n\n\n\n<p class=\"has-text-align-center has-text-color has-link-color has-large-font-size wp-elements-27fd8022130e5b2bc0e1238d38dae7a5\" style=\"color:#120585\"><strong>\u00e0 Villars-Colmars<\/strong><\/p>\n\n\n\n<p class=\"has-text-align-center has-text-color has-link-color wp-elements-78c6ec4c45f00bd056d11cbedd7a880b\" style=\"color:#120585\"><strong>Jazz \u00e0 la Rotonde<\/strong> (2 concerts)<\/p>\n\n\n\n<p class=\"has-text-color has-link-color wp-elements-4954a429d3537ef0c58fd4f34546e685\" style=\"color:#120585\"><em><strong>A Letter to Bill&nbsp;<\/strong><\/em>, un hommage \u00e0 Bill Evans, par Robin Nicaise (saxophone) et Alain Soler (guitare)<\/p>\n\n\n\n<p class=\"has-text-align-center has-text-color has-link-color wp-elements-8931c6ede8660bcf188c6b25003b179d\" style=\"color:#120585\">et<\/p>\n\n\n\n<p class=\"has-text-color has-link-color wp-elements-b4c5e050bfd764b2baabe32574e3f14a\" style=\"color:#120585\"><em><strong>Le Trio Kristin Marion<\/strong><\/em>, du swing avec Kristin Marion (chant), Philippe Martel (piano) et Fred Debraine (contrebasse)<\/p>\n<\/div>\n\n\n\n<div class=\"wp-block-column is-vertically-aligned-center is-layout-flow wp-block-column-is-layout-flow\">\n<figure class=\"wp-block-image size-large\"><img loading=\"lazy\" decoding=\"async\" width=\"1024\" height=\"768\" src=\"https:\/\/odalie.com\/wp-content\/uploads\/2025\/04\/villars-1024x768.png\" alt=\"\" class=\"wp-image-312\" srcset=\"https:\/\/odalie.com\/wp-content\/uploads\/2025\/04\/villars-1024x768.png 1024w, https:\/\/odalie.com\/wp-content\/uploads\/2025\/04\/villars-300x225.png 300w, https:\/\/odalie.com\/wp-content\/uploads\/2025\/04\/villars-768x576.png 768w, https:\/\/odalie.com\/wp-content\/uploads\/2025\/04\/villars.png 1201w\" sizes=\"(max-width: 1024px) 100vw, 1024px\" \/><\/figure>\n<\/div>\n<\/div>\n\n\n\n<p class=\"has-small-font-size\"><\/p>\n\n\n\n<figure class=\"wp-block-image aligncenter size-full is-resized\"><img loading=\"lazy\" decoding=\"async\" width=\"190\" height=\"215\" src=\"https:\/\/odalie.com\/wp-content\/uploads\/2025\/04\/notes-musique-1.png\" alt=\"\" class=\"wp-image-321\" style=\"width:46px;height:auto\"\/><\/figure>\n\n\n\n<div class=\"wp-block-columns is-layout-flex wp-container-core-columns-layout-9 wp-block-columns-is-layout-flex\">\n<div class=\"wp-block-column is-vertically-aligned-center is-layout-flow wp-block-column-is-layout-flow\">\n<p class=\"has-text-align-center has-text-color has-link-color has-large-font-size wp-elements-f9ce8c567dadd73640c5f6289714b2bb\" style=\"color:#03630e\"><strong>samedi 16 ao\u00fbt, 20h <\/strong><\/p>\n\n\n\n<p class=\"has-text-align-center has-text-color has-link-color has-large-font-size wp-elements-0321e966ebcf42fea81200fccdfbc306\" style=\"color:#03630e\"><strong>\u00e0 La Mure-Argens<\/strong><\/p>\n\n\n\n<p class=\"has-text-align-center has-text-color has-link-color wp-elements-02d97f219bb6081a4c6c490cbc37b73b\" style=\"color:#03630e\"><strong>Jazz \u00e0 la Minoterie<\/strong><\/p>\n\n\n\n<p class=\"has-text-align-center has-text-color has-link-color wp-elements-f6458253b3ad11f4b9f1e4678378667e\" style=\"color:#03630e\"><em>Quartet S\u00e9bastien Lalisse<\/em><\/p>\n<\/div>\n\n\n\n<div class=\"wp-block-column is-layout-flow wp-block-column-is-layout-flow\">\n<figure class=\"wp-block-image size-large\"><img loading=\"lazy\" decoding=\"async\" width=\"1024\" height=\"701\" src=\"https:\/\/odalie.com\/wp-content\/uploads\/2025\/04\/concert-lalisse-1024x701.png\" alt=\"\" class=\"wp-image-293\" srcset=\"https:\/\/odalie.com\/wp-content\/uploads\/2025\/04\/concert-lalisse-1024x701.png 1024w, https:\/\/odalie.com\/wp-content\/uploads\/2025\/04\/concert-lalisse-300x205.png 300w, https:\/\/odalie.com\/wp-content\/uploads\/2025\/04\/concert-lalisse-768x526.png 768w, https:\/\/odalie.com\/wp-content\/uploads\/2025\/04\/concert-lalisse.png 1201w\" sizes=\"(max-width: 1024px) 100vw, 1024px\" \/><\/figure>\n<\/div>\n<\/div>\n\n\n\n<div class=\"wp-block-columns is-layout-flex wp-container-core-columns-layout-10 wp-block-columns-is-layout-flex\">\n<div class=\"wp-block-column is-layout-flow wp-block-column-is-layout-flow\">\n<\/h6>\n\n\n\n\n\n<h6 class=\"wp-block-heading has-text-color has-link-color wp-elements-7362c25f1bcac34f21ee9a850a8a63f5\" style=\"color:#026812\"><i>.<\/i><\/h6>\n\n\n\n<h6 class=\"wp-block-heading has-text-color has-link-color wp-elements-7362c25f1bcac34f21ee9a850a8a63f5\" style=\"color:#026812\"><i>.<\/i><\/h6>\n<\/div>\n\n\n\n<div class=\"wp-block-column is-layout-flow wp-block-column-is-layout-flow\">\n<p class=\"has-text-color has-link-color wp-elements-1b95ca6813aa635da377c3a398224aef\" style=\"color:#026812\"><em><strong>S\u00e9bastien Lalisse, orgue, compositions<\/strong><\/em><\/p>\n\n\n\n<p class=\"has-text-color has-link-color wp-elements-7e134b5b541e0e9a21abf030fdb6ce53\" style=\"color:#026812\"><em><strong>Fran\u00e7ois Cordas, saxophone<\/strong><\/em><\/p>\n\n\n\n<p class=\"has-text-color has-link-color wp-elements-dfb2a16cae07f97df645c99b7773d8d4\" style=\"color:#026812\"><em><strong>Eric Serra, trombone<\/strong><\/em><\/p>\n\n\n\n<p class=\"has-text-color has-link-color wp-elements-63130353204b60812004ddd800b55aee\" style=\"color:#026812\"><em><strong>C\u00e9drick Bec, batterie<\/strong><\/em><\/p>\n\n\n\n<p class=\"has-text-color has-link-color wp-elements-f7fc4f08762f15fd07431c5abe12488c\" style=\"color:#53025e\"><\/p>\n<\/div>\n<\/div>\n\n\n\n<p class=\"has-small-font-size\"><\/p>\n\n\n\n<figure class=\"wp-block-image aligncenter size-full is-resized\"><img loading=\"lazy\" decoding=\"async\" width=\"190\" height=\"215\" src=\"https:\/\/odalie.com\/wp-content\/uploads\/2025\/04\/notes-musique-1.png\" alt=\"\" class=\"wp-image-321\" style=\"width:51px;height:auto\"\/><\/figure>\n\n\n\n<div class=\"wp-block-columns is-layout-flex wp-container-core-columns-layout-11 wp-block-columns-is-layout-flex\">\n<div class=\"wp-block-column is-vertically-aligned-center is-layout-flow wp-block-column-is-layout-flow\">\n<p class=\"has-text-align-center has-text-color has-link-color has-large-font-size wp-elements-6e43a2d8c6a64eb8a663d00187a57475\" style=\"color:#700303\"><\/p>\n\n\n\n<p class=\"has-text-align-center has-text-color has-link-color has-x-large-font-size wp-elements-821ddc014ba050e2be7e9b440db070e4\" style=\"color:#700303\"><\/p>\n\n\n\n<p><\/p>\n<\/div>\n\n\n\n<div class=\"wp-block-column is-layout-flow wp-block-column-is-layout-flow\"><\/div>\n<\/div>\n\n\n\n<div class=\"wp-block-columns is-layout-flex wp-container-core-columns-layout-12 wp-block-columns-is-layout-flex\">\n<div class=\"wp-block-column is-layout-flow wp-block-column-is-layout-flow\">\n<p class=\"has-text-color has-link-color wp-elements-29454607587f48db87147eca88603857\" style=\"color:#026812\"><\/p>\n\n\n\n<p class=\"has-small-font-size\"><\/p>\n<\/div>\n<\/div>\n\n\n\n<p class=\"has-background has-small-font-size\" style=\"background-color:#d5d5d591\"><\/p>\n\n\n\n<div class=\"wp-block-columns is-layout-flex wp-container-core-columns-layout-13 wp-block-columns-is-layout-flex\">\n<div class=\"wp-block-column is-vertically-aligned-center is-layout-flow wp-block-column-is-layout-flow\">\n<p class=\"has-text-align-center has-text-color has-link-color has-large-font-size wp-elements-2f0e095ec974919dee3dd3416367fa41\" style=\"color:#4f0361\"><strong>samedi 13 septembre, 20h30 <\/strong><\/p>\n\n\n\n<p class=\"has-text-align-center has-text-color has-link-color has-large-font-size wp-elements-3b71c420785f9159f2d2a6f1c9451c35\" style=\"color:#4f0361\"><strong>\u00e0 Clumanc<\/strong><\/p>\n\n\n\n<p class=\"has-text-align-center has-text-color has-link-color wp-elements-24bb84c60d7f84d6e234aff319706cdc\" style=\"color:#4f0361\"><strong>Il suffit de passer le Col<\/strong><\/p>\n\n\n\n<p class=\"has-text-align-center has-text-color has-link-color has-large-font-size wp-elements-c9bb55e4f1ee58beed8befc56e76d49e\" style=\"color:#4f0361\">Quartet de Alberto Micciche<\/p>\n<\/div>\n\n\n\n<div class=\"wp-block-column is-layout-flow wp-block-column-is-layout-flow\">\n<figure class=\"wp-block-image size-large\"><img loading=\"lazy\" decoding=\"async\" width=\"892\" height=\"1024\" src=\"https:\/\/odalie.com\/wp-content\/uploads\/2025\/04\/groupe-Alberto-892x1024.png\" alt=\"\" class=\"wp-image-295\" srcset=\"https:\/\/odalie.com\/wp-content\/uploads\/2025\/04\/groupe-Alberto-892x1024.png 892w, https:\/\/odalie.com\/wp-content\/uploads\/2025\/04\/groupe-Alberto-261x300.png 261w, https:\/\/odalie.com\/wp-content\/uploads\/2025\/04\/groupe-Alberto-768x882.png 768w, https:\/\/odalie.com\/wp-content\/uploads\/2025\/04\/groupe-Alberto.png 1201w\" sizes=\"(max-width: 892px) 100vw, 892px\" \/><\/figure>\n<\/div>\n<\/div>\n\n\n\n<div class=\"wp-block-columns is-layout-flex wp-container-core-columns-layout-14 wp-block-columns-is-layout-flex\">\n<div class=\"wp-block-column is-layout-flow wp-block-column-is-layout-flow\">\n<h6 class=\"wp-block-heading has-text-color has-link-color wp-elements-03dd65e191058fdac4286c30c64333ec\" style=\"color:#4f0361\"><strong><span style=\"font-family: Times New Roman, serif;\"><span style=\"font-size: medium;\">Une rencontre de musiciens Italiens et Fran\u00e7ais, r\u00e9unis sp\u00e9cialement pour l&#8217;occasion, autour du Jazz des ann\u00e9es 60. U<\/span><\/span><\/strong><strong><span style=\"color: #000000;\"><span style=\"font-family: Times New Roman, serif;\"><span style=\"font-size: medium;\">ne musique sur les traces de Sonny Rollins, Joe Henderson ou encore Horace Silver<\/span><\/span><\/span><\/strong><\/h6>\n\n\n\n<p class=\"has-text-color has-link-color wp-elements-32280ebf6f66948f28f14b98d4f15b89\" style=\"color:#1c05a3\"><em><strong>s<\/strong><\/em><\/p>\n<\/div>\n\n\n\n<div class=\"wp-block-column is-layout-flow wp-block-column-is-layout-flow\">\n<p class=\"has-text-color has-link-color wp-elements-aa1bd21371301f38b3a36e2b912e0eba\" style=\"color:#026812\"><strong>Alberto Micciche, basse<\/strong><\/p>\n\n\n\n<p class=\"has-text-color has-link-color wp-elements-279ed0de5c0d909bd4d2e7f1dafa151e\" style=\"color:#026812\"><strong>Maurizio Ditozzi,saxophone<\/strong><\/p>\n\n\n\n<p class=\"has-text-color has-link-color wp-elements-ec684f65d95568cca2928806a7b4102e\" style=\"color:#026812\"><strong>Hugo Mezzasalma, piano<\/strong><\/p>\n\n\n\n<p class=\"has-text-color has-link-color wp-elements-5ce9a719c8fe666eb4059485cea44a95\" style=\"color:#026812\"><strong>Gino Mariotti, batterie<\/strong><\/p>\n<\/div>\n<\/div>\n\n\n\n<p class=\"has-text-color has-link-color wp-elements-f7fc4f08762f15fd07431c5abe12488c\" style=\"color:#53025e\"><\/p>\n\n\n\n<p class=\"has-text-align-center has-text-color has-link-color has-small-font-size wp-elements-65937e80fc47896c4ae0afa3e095a63d\" style=\"color:#890404\"><\/p>\n\n\n\n<figure class=\"wp-block-image aligncenter size-full is-resized\"><img loading=\"lazy\" decoding=\"async\" width=\"190\" height=\"215\" src=\"https:\/\/odalie.com\/wp-content\/uploads\/2025\/04\/notes-musique-1.png\" alt=\"\" class=\"wp-image-321\" style=\"width:49px;height:auto\"\/><\/figure>\n\n\n\n<p class=\"has-text-align-center has-text-color has-link-color has-large-font-size wp-elements-dd06096fa9403ed7051f80fc097fee6d\" style=\"color:#4c0266\"><strong>Samedi 15 novembre \u00e0 20h30<\/strong><\/p>\n\n\n\n<p class=\"has-text-align-center has-text-color has-link-color has-large-font-size wp-elements-020266adb770a0d714c23ec2a90ec805\" style=\"color:#4c0266\"><strong>\u00e0 Barr\u00eame<\/strong><\/p>\n\n\n\n<p class=\"has-text-align-center has-text-color has-link-color wp-elements-45e4496ecc0f7a53ca3d7432e711f275\" style=\"color:#4c0266\"><strong>salle multi-activit\u00e9s<\/strong>,<strong> route de Saint Jacques<\/strong><\/p>\n\n\n\n<figure class=\"wp-block-image size-large\"><img loading=\"lazy\" decoding=\"async\" width=\"722\" height=\"1024\" src=\"https:\/\/odalie.com\/wp-content\/uploads\/2025\/10\/affiche-concert-BarthaloB3-722x1024.png\" alt=\"\" class=\"wp-image-418\" srcset=\"https:\/\/odalie.com\/wp-content\/uploads\/2025\/10\/affiche-concert-BarthaloB3-722x1024.png 722w, https:\/\/odalie.com\/wp-content\/uploads\/2025\/10\/affiche-concert-BarthaloB3-211x300.png 211w, https:\/\/odalie.com\/wp-content\/uploads\/2025\/10\/affiche-concert-BarthaloB3-768x1090.png 768w, https:\/\/odalie.com\/wp-content\/uploads\/2025\/10\/affiche-concert-BarthaloB3.png 792w\" sizes=\"(max-width: 722px) 100vw, 722px\" \/><\/figure>\n\n\n\n<p class=\"has-text-align-center\">___________<\/p>\n\n\n\n<p class=\"has-text-align-center has-text-color has-link-color has-large-font-size wp-elements-2a67d6efce1402d35c56a6b4c63eee00\" style=\"color:#480484\"><strong>Les musiciens<\/strong><\/p>\n\n\n\n<div class=\"wp-block-columns is-layout-flex wp-container-core-columns-layout-15 wp-block-columns-is-layout-flex\">\n<div class=\"wp-block-column is-layout-flow wp-block-column-is-layout-flow\">\n<p><\/p>\n\n\n\n<p class=\"has-text-color has-link-color wp-elements-36583cfb2402a3910f0431ce32bc65b4\" style=\"color:#7b0424\"><em><strong>Christophe Le Fur<\/strong> a abord\u00e9 l&#8217;accord\u00e9on d\u00e8s l&#8217;\u00e2ge de huit ans et n&#8217;a cess\u00e9 de se perfectionner quasi \u00e0 plein temps, en pratiquant principalement la musique populaire, des chansons fran\u00e7aises, de Brassens \u00e0 Piaf. Son terrain et son public favoris ont \u00e9t\u00e9 longtemps ceux de la Rue. Au sein de Barthalo, il excelle dans l&#8217;improvisation aux teintes des grands classiques fran\u00e7ais et de musiques des Balkans.<\/em><\/p>\n<\/div>\n\n\n\n<div class=\"wp-block-column is-layout-flow wp-block-column-is-layout-flow\">\n<figure class=\"wp-block-image size-large\"><img loading=\"lazy\" decoding=\"async\" width=\"683\" height=\"1024\" src=\"https:\/\/odalie.com\/wp-content\/uploads\/2025\/10\/SAVE_20251010_093227-683x1024.jpg\" alt=\"\" class=\"wp-image-430\" srcset=\"https:\/\/odalie.com\/wp-content\/uploads\/2025\/10\/SAVE_20251010_093227-683x1024.jpg 683w, https:\/\/odalie.com\/wp-content\/uploads\/2025\/10\/SAVE_20251010_093227-200x300.jpg 200w, https:\/\/odalie.com\/wp-content\/uploads\/2025\/10\/SAVE_20251010_093227-768x1152.jpg 768w, https:\/\/odalie.com\/wp-content\/uploads\/2025\/10\/SAVE_20251010_093227-1024x1536.jpg 1024w, https:\/\/odalie.com\/wp-content\/uploads\/2025\/10\/SAVE_20251010_093227.jpg 1067w\" sizes=\"(max-width: 683px) 100vw, 683px\" \/><\/figure>\n<\/div>\n<\/div>\n\n\n\n<div class=\"wp-block-columns is-layout-flex wp-container-core-columns-layout-16 wp-block-columns-is-layout-flex\">\n<div class=\"wp-block-column is-layout-flow wp-block-column-is-layout-flow\">\n<figure class=\"wp-block-image size-full\"><img loading=\"lazy\" decoding=\"async\" width=\"544\" height=\"726\" src=\"https:\/\/odalie.com\/wp-content\/uploads\/2025\/10\/SAVE_20251010_093140.jpg\" alt=\"\" class=\"wp-image-434\" srcset=\"https:\/\/odalie.com\/wp-content\/uploads\/2025\/10\/SAVE_20251010_093140.jpg 544w, https:\/\/odalie.com\/wp-content\/uploads\/2025\/10\/SAVE_20251010_093140-225x300.jpg 225w\" sizes=\"(max-width: 544px) 100vw, 544px\" \/><\/figure>\n<\/div>\n\n\n\n<div class=\"wp-block-column is-layout-flow wp-block-column-is-layout-flow\">\n<p><\/p>\n\n\n\n<p><\/p>\n\n\n\n<p class=\"has-text-color has-link-color wp-elements-d89dc31fc5fa2ec5a95124d20fee9024\" style=\"color:#7b0424\"><em><strong>Stephane Durand<\/strong>, autodidacte passionn\u00e9 de musique tzigane, est un musicien tr\u00e8s \u00e9clectique, ses go\u00fbts allant du Flamenco au classique Ottoman en passant par Bach et AC\/DC. <\/em><\/p>\n\n\n\n<p class=\"has-text-color has-link-color wp-elements-eb5dd9275dbcbd997377705199289a97\" style=\"color:#7b0424\">Chanteur, guita<em>riste et compositeur, il pratique au sein de Barthalo, de nouvelles exp\u00e9riences musicales.<\/em><\/p>\n<\/div>\n<\/div>\n\n\n\n<div class=\"wp-block-columns is-layout-flex wp-container-core-columns-layout-17 wp-block-columns-is-layout-flex\">\n<div class=\"wp-block-column is-layout-flow wp-block-column-is-layout-flow\">\n<p><\/p>\n\n\n\n<p><\/p>\n\n\n\n<p class=\"has-text-color has-link-color wp-elements-953aaa5f7e3fbe749306565c54a4ef8e\" style=\"color:#7b0424\"><em><strong>St\u00e9phane Gelb<\/strong> est un guitariste habitu\u00e9 des grandes sc\u00e8nes, comme par exemple les Festivals de Nice, d&#8217;Antibes \u2013 Juan les Pins, ou de Cortona en Toscane. <\/em><\/p>\n\n\n\n<p class=\"has-text-color has-link-color wp-elements-95de12f5534b8846c233cd3e1b882f0d\" style=\"color:#7b0424\"><em>Il a jou\u00e9 avec Gimmick Trio, Swingo et m\u00eame Rocky Gresset sur une plage de Juan les Pins. Il a particip\u00e9 aux master class d&#8217;Aur\u00e9lien Bouly.<\/em><\/p>\n<\/div>\n\n\n\n<div class=\"wp-block-column is-layout-flow wp-block-column-is-layout-flow\">\n<figure class=\"wp-block-image size-full\"><img loading=\"lazy\" decoding=\"async\" width=\"599\" height=\"799\" src=\"https:\/\/odalie.com\/wp-content\/uploads\/2025\/10\/SAVE_20251010_093207.jpg\" alt=\"\" class=\"wp-image-433\" srcset=\"https:\/\/odalie.com\/wp-content\/uploads\/2025\/10\/SAVE_20251010_093207.jpg 599w, https:\/\/odalie.com\/wp-content\/uploads\/2025\/10\/SAVE_20251010_093207-225x300.jpg 225w\" sizes=\"(max-width: 599px) 100vw, 599px\" \/><\/figure>\n<\/div>\n<\/div>\n\n\n\n<div class=\"wp-block-columns is-layout-flex wp-container-core-columns-layout-18 wp-block-columns-is-layout-flex\">\n<div class=\"wp-block-column is-layout-flow wp-block-column-is-layout-flow\">\n<figure class=\"wp-block-image size-full\"><img loading=\"lazy\" decoding=\"async\" width=\"599\" height=\"799\" src=\"https:\/\/odalie.com\/wp-content\/uploads\/2025\/10\/SAVE_20251010_093212.jpg\" alt=\"\" class=\"wp-image-435\" srcset=\"https:\/\/odalie.com\/wp-content\/uploads\/2025\/10\/SAVE_20251010_093212.jpg 599w, https:\/\/odalie.com\/wp-content\/uploads\/2025\/10\/SAVE_20251010_093212-225x300.jpg 225w\" sizes=\"(max-width: 599px) 100vw, 599px\" \/><\/figure>\n<\/div>\n\n\n\n<div class=\"wp-block-column is-layout-flow wp-block-column-is-layout-flow\">\n<p><\/p>\n\n\n\n<p class=\"has-text-color has-link-color wp-elements-fb69b608b0b1cc623e3c0945ec2d14bd\" style=\"color:#7b0424\"><strong>Patrick Barla<\/strong> a d\u00e9marr\u00e9 la basse avec le blues et le rock, puis est devenu un adepte de la bossa-nova et du jazz.<\/p>\n\n\n\n<p class=\"has-text-color has-link-color wp-elements-43beb4705d46b5d67d18e396f7342687\" style=\"color:#7b0424\"> Puis il passe \u00e0 la contrebasse et rejoint les classes de jazz aux conservatoires de Cannes, avec Patrick Michel, et Saint-Laurent du Var, avec Jean-Marc Holweig. Enfin, il suit la formation de l&#8217;Institut Musical de Formation Professionnelle de Salon de Provence.<\/p>\n<\/div>\n<\/div>\n\n\n\n<figure class=\"wp-block-image size-full\"><img loading=\"lazy\" decoding=\"async\" width=\"903\" height=\"339\" src=\"https:\/\/odalie.com\/wp-content\/uploads\/2025\/10\/merci-a-nos-soutiens.png\" alt=\"\" class=\"wp-image-455\" srcset=\"https:\/\/odalie.com\/wp-content\/uploads\/2025\/10\/merci-a-nos-soutiens.png 903w, https:\/\/odalie.com\/wp-content\/uploads\/2025\/10\/merci-a-nos-soutiens-300x113.png 300w, https:\/\/odalie.com\/wp-content\/uploads\/2025\/10\/merci-a-nos-soutiens-768x288.png 768w\" sizes=\"(max-width: 903px) 100vw, 903px\" \/><\/figure>\n\n\n\n<p>_______________________________<\/p>\n\n\n\n<p>________________________________________<\/p>\n\n\n\n<div class=\"wp-block-columns alignwide is-layout-flex wp-container-core-columns-layout-19 wp-block-columns-is-layout-flex\">\n<div class=\"wp-block-column is-layout-flow wp-block-column-is-layout-flow\" style=\"flex-basis:40%\">\n<h2 class=\"wp-block-heading has-text-align-left\"><em>et pour l&#8217;\u00e9dition 2024  voici quelques bons souvenirs<\/em><\/h2>\n\n\n\n<p>(photos Christian Michel)<\/p>\n\n\n\n<h2 class=\"wp-block-heading\"><strong> <\/strong><\/h2>\n\n\n\n<p class=\"has-text-align-right\"><strong><em>Afrotrane Quartet \u00e0 la Minoterie de La Mure-Argens<\/em><\/strong> <strong>&gt;<\/strong><\/p>\n\n\n\n<p><\/p>\n\n\n\n<figure class=\"wp-block-image size-large\"><img loading=\"lazy\" decoding=\"async\" width=\"1024\" height=\"768\" src=\"https:\/\/odalie.com\/wp-content\/uploads\/2024\/12\/Jazz-a-ROUGON-13-07-24-1-Roaming-Spirits-Sextet-redim-1024x768.jpg\" alt=\"\" class=\"wp-image-230\" srcset=\"https:\/\/odalie.com\/wp-content\/uploads\/2024\/12\/Jazz-a-ROUGON-13-07-24-1-Roaming-Spirits-Sextet-redim-1024x768.jpg 1024w, https:\/\/odalie.com\/wp-content\/uploads\/2024\/12\/Jazz-a-ROUGON-13-07-24-1-Roaming-Spirits-Sextet-redim-300x225.jpg 300w, https:\/\/odalie.com\/wp-content\/uploads\/2024\/12\/Jazz-a-ROUGON-13-07-24-1-Roaming-Spirits-Sextet-redim-768x576.jpg 768w, https:\/\/odalie.com\/wp-content\/uploads\/2024\/12\/Jazz-a-ROUGON-13-07-24-1-Roaming-Spirits-Sextet-redim-1536x1152.jpg 1536w, https:\/\/odalie.com\/wp-content\/uploads\/2024\/12\/Jazz-a-ROUGON-13-07-24-1-Roaming-Spirits-Sextet-redim-2048x1536.jpg 2048w\" sizes=\"(max-width: 1024px) 100vw, 1024px\" \/><\/figure>\n\n\n\n<p>_________________________________________________<\/p>\n\n\n\n<p><\/p>\n\n\n\n<p class=\"has-text-align-right\"><strong><em>Il suffit de passer le col: autour de Luigi Bonafede<\/em><\/strong> <strong>&gt;&gt;<\/strong><\/p>\n\n\n\n<p><\/p>\n\n\n\n<p><\/p>\n\n\n\n<figure class=\"wp-block-image size-large\"><img loading=\"lazy\" decoding=\"async\" width=\"1024\" height=\"770\" src=\"https:\/\/odalie.com\/wp-content\/uploads\/2024\/12\/P1011540-Quart-Rosemary-2pour-gil-red-1024x770.jpg\" alt=\"\" class=\"wp-image-234\" srcset=\"https:\/\/odalie.com\/wp-content\/uploads\/2024\/12\/P1011540-Quart-Rosemary-2pour-gil-red-1024x770.jpg 1024w, https:\/\/odalie.com\/wp-content\/uploads\/2024\/12\/P1011540-Quart-Rosemary-2pour-gil-red-300x226.jpg 300w, https:\/\/odalie.com\/wp-content\/uploads\/2024\/12\/P1011540-Quart-Rosemary-2pour-gil-red-768x578.jpg 768w, https:\/\/odalie.com\/wp-content\/uploads\/2024\/12\/P1011540-Quart-Rosemary-2pour-gil-red-1536x1156.jpg 1536w, https:\/\/odalie.com\/wp-content\/uploads\/2024\/12\/P1011540-Quart-Rosemary-2pour-gil-red-2048x1541.jpg 2048w\" sizes=\"(max-width: 1024px) 100vw, 1024px\" \/><\/figure>\n\n\n\n<p><\/p>\n\n\n\n<figure class=\"wp-block-image size-large\"><img loading=\"lazy\" decoding=\"async\" width=\"726\" height=\"1024\" src=\"https:\/\/odalie.com\/wp-content\/uploads\/2024\/05\/affiche-V9mai24-sans-logo-726x1024.png\" alt=\"\" class=\"wp-image-158\" srcset=\"https:\/\/odalie.com\/wp-content\/uploads\/2024\/05\/affiche-V9mai24-sans-logo-726x1024.png 726w, https:\/\/odalie.com\/wp-content\/uploads\/2024\/05\/affiche-V9mai24-sans-logo-213x300.png 213w, https:\/\/odalie.com\/wp-content\/uploads\/2024\/05\/affiche-V9mai24-sans-logo-768x1084.png 768w, https:\/\/odalie.com\/wp-content\/uploads\/2024\/05\/affiche-V9mai24-sans-logo.png 800w\" sizes=\"(max-width: 726px) 100vw, 726px\" \/><\/figure>\n<\/div>\n\n\n\n<div class=\"wp-block-column is-layout-flow wp-block-column-is-layout-flow\" style=\"flex-basis:60%\">\n<h2 class=\"wp-block-heading\"><img loading=\"lazy\" decoding=\"async\" width=\"2560\" height=\"1709\" class=\"wp-image-228\" style=\"width: 500px;\" src=\"https:\/\/odalie.com\/wp-content\/uploads\/2024\/12\/quart-JB-M-La-Mure-7-24-1-scaled.jpg\" alt=\"\" srcset=\"https:\/\/odalie.com\/wp-content\/uploads\/2024\/12\/quart-JB-M-La-Mure-7-24-1-scaled.jpg 2560w, https:\/\/odalie.com\/wp-content\/uploads\/2024\/12\/quart-JB-M-La-Mure-7-24-1-300x200.jpg 300w, https:\/\/odalie.com\/wp-content\/uploads\/2024\/12\/quart-JB-M-La-Mure-7-24-1-1024x684.jpg 1024w, https:\/\/odalie.com\/wp-content\/uploads\/2024\/12\/quart-JB-M-La-Mure-7-24-1-768x513.jpg 768w, https:\/\/odalie.com\/wp-content\/uploads\/2024\/12\/quart-JB-M-La-Mure-7-24-1-1536x1026.jpg 1536w, https:\/\/odalie.com\/wp-content\/uploads\/2024\/12\/quart-JB-M-La-Mure-7-24-1-2048x1368.jpg 2048w\" sizes=\"(max-width: 2560px) 100vw, 2560px\" \/><\/h2>\n\n\n\n<p><\/p>\n\n\n\n<p><\/p>\n\n\n\n<p><strong>&lt;&lt;<\/strong> <strong><em>Roaming Spirit Sextet \u00e0 Rougon<\/em><\/strong><\/p>\n\n\n\n<p><\/p>\n\n\n\n<p><\/p>\n\n\n\n<figure class=\"wp-block-image size-full\"><img loading=\"lazy\" decoding=\"async\" width=\"502\" height=\"361\" src=\"https:\/\/odalie.com\/wp-content\/uploads\/2024\/12\/luigi-quartet.png\" alt=\"\" class=\"wp-image-231\" srcset=\"https:\/\/odalie.com\/wp-content\/uploads\/2024\/12\/luigi-quartet.png 502w, https:\/\/odalie.com\/wp-content\/uploads\/2024\/12\/luigi-quartet-300x216.png 300w\" sizes=\"(max-width: 502px) 100vw, 502px\" \/><\/figure>\n\n\n\n<p><\/p>\n\n\n\n<p><\/p>\n\n\n\n<p><strong>&lt;&lt;<\/strong> <strong><em>Rosemary Quartet \u00e0 Villars-Colmars<\/em><\/strong><\/p>\n\n\n\n<p>___________________________________________________________________<\/p>\n<\/div>\n<\/div>\n\n\n\n<p class=\"has-text-align-center has-heading-font-family has-x-large-font-size\" style=\"line-height:1.2\">_________ <\/p>\n\n\n\n<p><strong>Le programme de 2024<\/strong><\/p>\n\n\n\n<ul>\n<li><strong>Samedi 6 juillet, 20h, \u00e0 La Mure-Argens: &#8220;Jazz \u00e0 la Minoterie&#8221; <\/strong><\/li>\n\n\n\n<li><strong>Samedi 13 juillet, 21h, \u00e0 Rougon: &#8220;Jazz sur la Place<\/strong>&#8220;<\/li>\n\n\n\n<li><strong>Vendredi 26 juillet, 21h, \u00e0 l&#8217;\u00e9glise Notre-Dame de Clumanc: rencontres franco-italiennes, &#8220;Il suffit de passer le col&#8221; , et exposition de photographies<\/strong><\/li>\n\n\n\n<li><strong>Samedi 27 juillet, 20h30, \u00e0 Villars-Colmars: &#8220;Jazz \u00e0 la Rotonde&#8221;<\/strong><\/li>\n<\/ul>\n\n\n\n<p class=\"has-text-align-center\">______________<\/p>\n\n\n\n<div class=\"wp-block-query is-layout-flow wp-block-query-is-layout-flow\"><ul class=\"wp-block-post-template is-layout-flow wp-block-post-template-is-layout-flow\"><li class=\"wp-block-post post-1 post type-post status-publish format-standard hentry category-blog\">\n\n<div class=\"wp-block-columns are-vertically-aligned-center is-layout-flex wp-container-core-columns-layout-20 wp-block-columns-is-layout-flex\"><\/div>\n\n<\/li><\/ul><\/div>\n\n\n\n<div class=\"wp-block-query is-layout-flow wp-block-query-is-layout-flow\"><ul class=\"wp-block-post-template is-layout-flow wp-block-post-template-is-layout-flow\"><li class=\"wp-block-post post-1 post type-post status-publish format-standard hentry category-blog\">\n\n<div class=\"wp-block-columns are-vertically-aligned-center is-layout-flex wp-container-core-columns-layout-21 wp-block-columns-is-layout-flex\"><\/div>\n\n<\/li><\/ul><\/div>\n\n\n\n<div class=\"wp-block-query is-layout-flow wp-block-query-is-layout-flow\"><ul class=\"wp-block-post-template is-layout-flow wp-block-post-template-is-layout-flow\"><li class=\"wp-block-post post-1 post type-post status-publish format-standard hentry category-blog\">\n\n<div class=\"wp-block-columns are-vertically-aligned-center is-layout-flex wp-container-core-columns-layout-22 wp-block-columns-is-layout-flex\"><\/div>\n\n<\/li><\/ul><\/div>\n\n\n\n<div class=\"wp-block-query is-layout-flow wp-block-query-is-layout-flow\"><ul class=\"wp-block-post-template is-layout-flow wp-block-post-template-is-layout-flow\"><li class=\"wp-block-post post-1 post type-post status-publish format-standard hentry category-blog\">\n\n<div class=\"wp-block-columns are-vertically-aligned-center is-layout-flex wp-container-core-columns-layout-23 wp-block-columns-is-layout-flex\"><\/div>\n\n<\/li><\/ul><\/div>\n\n\n\n<div class=\"wp-block-query is-layout-flow wp-block-query-is-layout-flow\"><ul class=\"wp-block-post-template is-layout-flow wp-block-post-template-is-layout-flow\"><li class=\"wp-block-post post-1 post type-post status-publish format-standard hentry category-blog\">\n\n<div class=\"wp-block-columns are-vertically-aligned-center is-layout-flex wp-container-core-columns-layout-24 wp-block-columns-is-layout-flex\"><\/div>\n\n<\/li><\/ul><\/div>\n\n\n\n<div class=\"wp-block-query is-layout-flow wp-block-query-is-layout-flow\"><ul class=\"wp-block-post-template is-layout-flow wp-block-post-template-is-layout-flow\"><li class=\"wp-block-post post-1 post type-post status-publish format-standard hentry category-blog\">\n\n<div class=\"wp-block-columns are-vertically-aligned-center is-layout-flex wp-container-core-columns-layout-25 wp-block-columns-is-layout-flex\"><\/div>\n\n<\/li><\/ul><\/div>\n\n\n\n<div class=\"wp-block-columns is-layout-flex wp-container-core-columns-layout-26 wp-block-columns-is-layout-flex\">\n<div class=\"wp-block-column is-layout-flow wp-block-column-is-layout-flow\" style=\"flex-basis:66.66%\"><\/div>\n<\/div>\n\n\n\n<p>_______________________________________________________________________<\/p>\n\n\n\n<h2 class=\"wp-block-heading has-text-align-center has-small-font-size\"><strong>Samedi 13 juillet 2024, 21h, \u00e0 Rougon <\/strong><\/h2>\n\n\n\n<h2 class=\"wp-block-heading has-text-align-center has-small-font-size\"><strong>\u00ab jazz sur la Place\u00bb<\/strong><\/h2>\n\n\n\n<p>________________________________________________________________________<\/p>\n\n\n\n<h2 class=\"wp-block-heading has-text-align-center has-small-font-size\"><strong>Vendredi 26 juillet 2024, 21h, \u00e0 l&#8217;\u00e9glise Notre Dame de Clumanc, rencontres franco-italiennes<\/strong><\/h2>\n\n\n\n<h2 class=\"wp-block-heading has-text-align-center has-small-font-size\"><strong> &#8220;Il suffit de passer le col&#8221; <\/strong><\/h2>\n\n\n\n<h2 class=\"wp-block-heading has-text-align-center has-small-font-size\"><em>Un hommage \u00e0 McCoy Tyner<\/em><\/h2>\n\n\n\n<p class=\"has-small-font-size\">Luigi Bonafede au piano, C\u00e9cile Delzant au violon, Franck Taschini au saxophone, Simone Monnani \u00e0 la contrebasse et Alex Cristilli \u00e0 la batterie.<\/p>\n\n\n\n<p class=\"has-text-align-center has-small-font-size\">Egalement exposition de photographies de Christian Michel, photographies de musiciens qui ont particip\u00e9 aux concerts de jazz \u00e0 Clumanc et autres villages depuis 2013<strong> <\/strong><\/p>\n<\/div>\n\n\n\n<div class=\"wp-block-columns is-layout-flex wp-container-core-columns-layout-27 wp-block-columns-is-layout-flex\"><\/div>\n\n\n\n<div class=\"wp-block-columns is-layout-flex wp-container-core-columns-layout-28 wp-block-columns-is-layout-flex\"><\/div>\n\n\n\n<div class=\"wp-block-group alignfull has-base-background-color has-background has-global-padding is-layout-constrained wp-block-group-is-layout-constrained\" style=\"margin-top:0;margin-bottom:0;padding-top:var(--wp--preset--spacing--50);padding-right:var(--wp--preset--spacing--50);padding-bottom:var(--wp--preset--spacing--50);padding-left:var(--wp--preset--spacing--50)\">\n<div class=\"wp-block-columns alignwide is-layout-flex wp-container-core-columns-layout-29 wp-block-columns-is-layout-flex\"><\/div>\n<\/div>\n\n\n\n<div class=\"wp-block-group alignfull has-base-2-background-color has-background has-global-padding is-layout-constrained wp-block-group-is-layout-constrained\" style=\"margin-top:0;margin-bottom:0;padding-top:var(--wp--preset--spacing--60);padding-right:var(--wp--preset--spacing--60);padding-bottom:var(--wp--preset--spacing--60);padding-left:var(--wp--preset--spacing--60)\">\n<p class=\"has-text-align-center\">_______________________________________________________<\/p>\n\n\n\n<h2 class=\"wp-block-heading has-text-align-center has-small-font-size\">Samedi 27 juillet 2024, 20h30 <\/h2>\n\n\n\n<h2 class=\"wp-block-heading has-text-align-center has-small-font-size\">\u00e0 Villars-Colmars<\/h2>\n\n\n\n<h2 class=\"wp-block-heading has-text-align-center has-small-font-size\">&#8220;Jazz \u00e0 la Rotonde&#8221;<\/h2>\n\n\n\n<p class=\"has-small-font-size\">Premi\u00e8re partie&nbsp;: <em>Safran jazz,<\/em><\/p>\n\n\n\n<p class=\"has-small-font-size\">Deuxi\u00e8me partie&nbsp;: <em>Rosemary Quartet<\/em><\/p>\n\n\n\n<p><\/p>\n\n\n\n<p><\/p>\n\n\n\n<p><\/p>\n<\/div>\n\n\n\n<p><\/p>\n\n\n\n<p><\/p>\n\n\n\n<p><\/p>\n\n\n\n<p><\/p>\n\n\n<h6>\n<\/h6>","protected":false},"excerpt":{"rendered":"<p>Les dates de l&#8217;\u00e9dition 2026 samedi 18 juillet \u00e0 Barr\u00eame samedi 25 juillet \u00e0 Villars-Colmars samedi 15 ao\u00fbt \u00e0 La Mure-Argens samedi 22 ao\u00fbt \u00e0 Clumanc Le programme 2026 &#8212;&#8212;&#8212;&#8212;&#8212;&#8212;&#8212;&#8212;&#8212;&#8212;&#8212;&#8212;&#8212;&#8211; samedi 18 juillet \u00e0 Barr\u00eame, 20h30 Jazz \u00e0 la Distillerie Racines africaines JB Moundele, saxophone Mbady Diabat\u00e9, kora Bruno Desbiolles, percussions samedi 25 juillet \u00e0 [&hellip;]<\/p>\n","protected":false},"author":1,"featured_media":0,"parent":0,"menu_order":0,"comment_status":"closed","ping_status":"closed","template":"","meta":{"footnotes":""},"_links":{"self":[{"href":"https:\/\/odalie.com\/index.php\/wp-json\/wp\/v2\/pages\/11"}],"collection":[{"href":"https:\/\/odalie.com\/index.php\/wp-json\/wp\/v2\/pages"}],"about":[{"href":"https:\/\/odalie.com\/index.php\/wp-json\/wp\/v2\/types\/page"}],"author":[{"embeddable":true,"href":"https:\/\/odalie.com\/index.php\/wp-json\/wp\/v2\/users\/1"}],"replies":[{"embeddable":true,"href":"https:\/\/odalie.com\/index.php\/wp-json\/wp\/v2\/comments?post=11"}],"version-history":[{"count":161,"href":"https:\/\/odalie.com\/index.php\/wp-json\/wp\/v2\/pages\/11\/revisions"}],"predecessor-version":[{"id":556,"href":"https:\/\/odalie.com\/index.php\/wp-json\/wp\/v2\/pages\/11\/revisions\/556"}],"wp:attachment":[{"href":"https:\/\/odalie.com\/index.php\/wp-json\/wp\/v2\/media?parent=11"}],"curies":[{"name":"wp","href":"https:\/\/api.w.org\/{rel}","templated":true}]}}